{"id":218,"date":"2021-03-14T13:28:53","date_gmt":"2021-03-14T13:28:53","guid":{"rendered":"http:\/\/www.eripgip.be\/NewWeb21\/?page_id=218"},"modified":"2021-04-25T09:25:04","modified_gmt":"2021-04-25T09:25:04","slug":"mentions-legales","status":"publish","type":"page","link":"https:\/\/www.eripgip.be\/NewWeb21\/?page_id=218","title":{"rendered":"Mentions l\u00e9gales"},"content":{"rendered":"\t\t<div data-elementor-type=\"wp-page\" data-elementor-id=\"218\" class=\"elementor elementor-218\" data-elementor-settings=\"[]\">\n\t\t\t\t\t\t\t<div class=\"elementor-section-wrap\">\n\t\t\t\t\t\t\t<section class=\"elementor-section elementor-top-section elementor-element elementor-element-7896b528 elementor-section-boxed elementor-section-height-default elementor-section-height-default\" data-id=\"7896b528\" data-element_type=\"section\">\n\t\t\t\t\t\t<div class=\"elementor-container elementor-column-gap-default\">\n\t\t\t\t\t<div class=\"elementor-column elementor-col-100 elementor-top-column elementor-element elementor-element-2642321\" data-id=\"2642321\" data-element_type=\"column\">\n\t\t\t<div class=\"elementor-widget-wrap elementor-element-populated\">\n\t\t\t\t\t\t\t\t<div class=\"elementor-element elementor-element-57e0fb0a elementor-widget elementor-widget-text-editor\" data-id=\"57e0fb0a\" data-element_type=\"widget\" data-widget_type=\"text-editor.default\">\n\t\t\t\t<div class=\"elementor-widget-container\">\n\t\t\t\t\t\t\t\t<div><h2 style=\"text-align: left;\" align=\"center\"><strong>D\u00e9claration de protection de la vie priv\u00e9e et des donn\u00e9es \u00e0 caract\u00e8re personnel<\/strong><\/h2><div><strong>\u00a0<\/strong><\/div><p style=\"text-align: left;\" align=\"center\">L\u2019Ecole r\u00e9gionale et intercommunale de police (ci-apr\u00e8s \u00ab\u00a0l\u2019ERIP\u00a0\u00bb) prend tr\u00e8s au s\u00e9rieux la protection de votre vie priv\u00e9e et de vos droits sur vos donn\u00e9es \u00e0 caract\u00e8re personnel.<\/p><\/div><p>La pr\u00e9sente d\u00e9claration s\u2019adresse aux personnes qui consultent son site internet, aux demandeurs d\u2019emploi qui souhaitent envoyer leur candidature, aux visiteurs de l\u2019ERIP ainsi qu\u2019aux utilisateurs d\u2019un compte intranet.<\/p><p>Elle vise \u00e0 vous informer de la fa\u00e7on dont l\u2019ERIP traite vos donn\u00e9es \u00e0 caract\u00e8re personnel, de fa\u00e7on g\u00e9n\u00e9rale, lorsque vous utilisez son site web ou son intranet et que vous vous rendez dans ses locaux.<\/p><p>Le traitement des donn\u00e9es \u00e0 caract\u00e8re personnel est r\u00e9alis\u00e9 conform\u00e9ment aux obligations du r\u00e8glement g\u00e9n\u00e9ral sur la protection des donn\u00e9es (le R.G.P.D.), de la loi du 30 juillet 2018 relative \u00e0 la protection des personnes physiques \u00e0 l&#8217;\u00e9gard des traitements de donn\u00e9es \u00e0 caract\u00e8re personnel et toutes les r\u00e9glementations nationales et europ\u00e9ennes li\u00e9es \u00e0 la protection de la vie priv\u00e9e et des donn\u00e9es personnelles applicables<em>.<\/em><\/p><p><strong>Version\u00a0: 30 octobre 2018<\/strong><\/p><p><strong>I. <\/strong><strong>Le responsable de traitement<\/strong><\/p><p>Le responsable du traitement des donn\u00e9es \u00e0 caract\u00e8re personnel r\u00e9colt\u00e9es via le portail internet est l\u2019Ecole r\u00e9gionale et intercommunale de police, situ\u00e9 \u00e0 1130 Haren, rue du Planeur 10 (ci-apr\u00e8s \u00ab ERIP \u00bb ou \u00ab nous \u00bb).<\/p><p><strong>II. <\/strong><strong>Le traitement de vos donn\u00e9es \u00e0 caract\u00e8re personnel\u00a0: en th\u00e9orie<\/strong><\/p><p>Le terme &#8220;<span style=\"text-decoration: underline;\">donn\u00e9es \u00e0 caract\u00e8re personnel<\/span>&#8221; est utilis\u00e9 ici pour d\u00e9signer toute information concernant une personne physique identifi\u00e9e ou identifiable (la personne concern\u00e9e) telle que le nom et pr\u00e9nom d\u2019une personne, son adresse, son num\u00e9ro de t\u00e9l\u00e9phone, son adresse e-mail, ses pr\u00e9f\u00e9rences, son origine raciale, son sexe, l\u2019adresse et le num\u00e9ro de t\u00e9l\u00e9phone professionnel, une adresse TCP\/IP, &#8230;<\/p><p>Le terme &#8220;<span style=\"text-decoration: underline;\">traitement<\/span>&#8221; d\u00e9signe quant \u00e0 lui toute op\u00e9ration ou tout ensemble d&#8217;op\u00e9rations effectu\u00e9es ou non \u00e0 l&#8217;aide de proc\u00e9d\u00e9s automatis\u00e9s et appliqu\u00e9s \u00e0 des donn\u00e9es ou des ensembles de donn\u00e9es \u00e0 caract\u00e8re personnel, tels que la collecte, l&#8217;enregistrement, l&#8217;organisation, la structuration, la conservation, l&#8217;adaptation ou la modification, l&#8217;extraction, la consultation, l&#8217;utilisation, la communication par transmission, la diffusion ou toute autre forme de mise \u00e0 disposition, le rapprochement ou l&#8217;interconnexion, la limitation, l&#8217;effacement ou la destruction de donn\u00e9es.<\/p><p>L\u2019ERIP collecte et utilise vos donn\u00e9es pour des finalit\u00e9s sp\u00e9cifiques, explicites, l\u00e9gitimes, et n\u2019utilisera pas ces donn\u00e9es pour des finalit\u00e9s ult\u00e9rieures qui ne seraient pas compatibles avec les finalit\u00e9s initiales.<\/p><p><strong>III. <\/strong><strong>Les traitements de vos donn\u00e9es par l\u2019ERIP<\/strong><\/p><p><strong>a) <\/strong><strong>Les r\u00e9seaux sociaux<\/strong><\/p><p>L\u2019ERIP utilise les r\u00e9seaux sociaux (Facebook) pour vous transmettre de l\u2019information. Si vous contactez l\u2019ERIP par ces moyens-l\u00e0, l\u2019ERIP utilisera alors vos donn\u00e9es personnelles (donn\u00e9es d\u2019identification, profil et adresse mail) pour r\u00e9pondre \u00e0 vos questions, remarques ou autre.<\/p><p>Les conditions g\u00e9n\u00e9rales des fournisseurs de ces r\u00e9seaux sociaux sont d\u2019application. En utilisant ces services, vous avez accept\u00e9 ces conditions. Vous trouverez d\u00e8s lors sur leurs plates-formes plus d\u2019information sur la fa\u00e7on dont ces fournisseurs de service utilisent vos donn\u00e9es. L\u2019ERIP n\u2019est pas responsable du traitement de vos donn\u00e9es par ces fournisseurs de service.<\/p><p>Ce traitement est n\u00e9cessaire aux fins des int\u00e9r\u00eats l\u00e9gitimes poursuivis par l\u2019ERIP. Nous v\u00e9rifierons bien \u00e9videmment que vos int\u00e9r\u00eats, libert\u00e9s et droits fondamentaux ne pr\u00e9valent pas sur les int\u00e9r\u00eats de l\u2019ERIP. Lorsque nous traitons vos donn\u00e9es sur la base de notre int\u00e9r\u00eat l\u00e9gitime, il vous est possible \u00e0 tout moment de nous informer que votre int\u00e9r\u00eat pr\u00e9vaut sur le n\u00f4tre.<\/p><p>L\u2019ERIP ne publiera pas de photo de vous sur les r\u00e9seaux sociaux si vous n\u2019\u00eates pas au courant de cela et n\u2019avez pas donn\u00e9 votre consentement.<\/p><p>Enfin, les r\u00e9seaux sociaux peuvent aussi \u00eatre utilis\u00e9s pour prendre contact avec vous dans le cadre de campagnes de recrutement, ou avoir acc\u00e8s \u00e0 vos donn\u00e9es (lorsque vous le permettez).<\/p><p>Les donn\u00e9es collect\u00e9es lors de ce traitement sont conserv\u00e9es pendant un an.<\/p><p><strong>b) <\/strong><strong>La s\u00e9lection du personnel<\/strong><\/p><p>L\u2019ERIP est le responsable du traitement des donn\u00e9es personnelles que vous transmettez spontan\u00e9ment ou \u00e0 la suite d\u2019une offre d\u2019emploi.<\/p><p>Les donn\u00e9es sont collect\u00e9es pour les besoins de la gestion des offres d\u2019emplois pr\u00e9sentes et futures de l\u2019ERIP et de l\u2019int\u00e9r\u00eat que vous leur portez, ainsi que pour la conservation dans notre r\u00e9serve (moyennant votre consentement pr\u00e9alable).<\/p><p>Certaines donn\u00e9es sont n\u00e9cessaires pour la proc\u00e9dure de s\u00e9lection des candidats (telles que l\u2019e-mail, la date de naissance, le parcours professionnel et acad\u00e9mique et le domicile.), et d\u2019autres donn\u00e9es sont communiqu\u00e9es volontairement (avec votre consentement).\u00a0 Dans ce cas, vous acceptez que nous traitions \u00e9galement ces donn\u00e9es pour les finalit\u00e9s d\u00e9crites ci-dessus.<\/p><p>Par ailleurs, l\u2019ERIP a un int\u00e9r\u00eat l\u00e9gitime \u00e0 traiter les donn\u00e9es des candidats pour les finalit\u00e9s susmentionn\u00e9es.<\/p><p>Vos donn\u00e9es seront conserv\u00e9es pendant la dur\u00e9e de la s\u00e9lection pour le poste pour lequel vous avez postul\u00e9. Pass\u00e9 ce d\u00e9lai, afin de pouvoir g\u00e9rer les demandes que vous nous avez envoy\u00e9es et pour vous tenir au courant de toute opportunit\u00e9 d\u2019emploi qui serait int\u00e9ressante pour vous (d\u00e9termin\u00e9e sur la base des informations que vous nous avez envoy\u00e9es), nous pouvons garder vos donn\u00e9es dans notre r\u00e9serve de recrutement pendant 2 ans.<\/p><p><strong>c)\u00a0 <\/strong><strong>La gestion des plaintes<\/strong><strong>\u00a0<\/strong><\/p><p>L\u2019ERIP collecte les donn\u00e9es fournies lors de l\u2019envoi de plaintes concernant le site internet ou tout autre plainte la concernant.<\/p><p>Les plaintes \u00e0 caract\u00e8re g\u00e9n\u00e9ral sont adress\u00e9es via le formulaire de contact, \u00e0 l\u2019exception des plaintes concernant vos donn\u00e9es \u00e0 caract\u00e8re personnel qui peuvent \u00eatre adress\u00e9es \u00e0 l\u2019adresse suivante : <strong>dpo@brusafe.brussels<\/strong><span id=\"ep_c00b50bc\" class=\"cloaked_email\"><\/span><\/p><p>Pour traiter une plainte, nous avons besoin au minimum des informations suivantes\u00a0: le nom, l\u2019adresse mail et le sujet de la plainte. Ce sont ces informations qui seront trait\u00e9es et conserv\u00e9es.<\/p><p>Ce traitement est n\u00e9cessaire aux fins des int\u00e9r\u00eats l\u00e9gitimes poursuivis par l\u2019ERIP. Nous v\u00e9rifierons bien \u00e9videmment que vos int\u00e9r\u00eats, libert\u00e9s et droits fondamentaux ne pr\u00e9valent pas sur les int\u00e9r\u00eats de l\u2019ERIP. Lorsque nous traitons vos donn\u00e9es sur la base de notre int\u00e9r\u00eat l\u00e9gitime, il vous est possible \u00e0 tout moment de nous informer que votre int\u00e9r\u00eat pr\u00e9vaut sur le n\u00f4tre.<\/p><p>Ces donn\u00e9es seront conserv\u00e9es le temps de la gestion de la plainte. Une fois la plainte trait\u00e9e, vos donn\u00e9es sont anonymis\u00e9es pour des besoins statistiques.<\/p><p><strong>IV. Destinataires de vos donn\u00e9es \u00e0 caract\u00e8re personnel<\/strong><\/p><p><strong>a)\u00a0 <\/strong><strong>Au sein de l\u2019ERIP<\/strong><\/p><p>Le personnel interne de l\u2019ERIP a acc\u00e8s aux donn\u00e9es \u00e0 caract\u00e8re personnel vous concernant dans l\u2019unique mesure o\u00f9 il doit les traiter lui-m\u00eame.<\/p><p>L\u2019ERIP a mis en place les mesures ad\u00e9quates pour que les donn\u00e9es personnelles qui sont \u00e9chang\u00e9es au sein de l\u2019ERIP le soient dans le respect des obligations de s\u00e9curit\u00e9 impos\u00e9es par la l\u00e9gislation applicable.<\/p><p><strong>b)\u00a0 <\/strong><strong>En dehors de l\u2019ERIP<\/strong><\/p><p>Vos donn\u00e9es personnelles peuvent \u00eatre partag\u00e9es avec des tiers dans le cadre de certains services que nous avons mis en place, ou pour l\u2019envoi d\u2019information concernant des \u00e9v\u00e8nements ou encore des changements l\u00e9gislatifs.<\/p><p style=\"padding-left: 40px;\">Des institutions publiques comme la police f\u00e9d\u00e9rale en vue de respecter les obligations l\u00e9gales et d\u2019assurer le bon fonctionnement de l\u2019institution (la gestion des ressources humaines, la communication des r\u00e9sultats de tests, etc) mais \u00e9galement Brusafe. L\u2019ERIP vous garantit que ce tiers a acc\u00e8s uniquement \u00e0 vos donn\u00e9es dans la mesure o\u00f9 cela s\u2019av\u00e8re n\u00e9cessaire pour ex\u00e9cuter ses t\u00e2ches.<\/p><p style=\"padding-left: 40px;\">Transferts obligatoires\u00a0: Nous sommes parfois tenus de transmettre des donn\u00e9es personnelles vous concernant.\u00a0C\u2019est le cas lorsqu\u2019une loi, un r\u00e8glement ou une proc\u00e9dure judiciaire (comme une d\u00e9cision de justice) nous y oblige : \u00e0 la demande des autorit\u00e9s, des forces de police dans le cadre d\u2019actions en application de la loi.<\/p><p style=\"padding-left: 40px;\">Autres tiers fournissant un service\u00a0: L\u2019ERIP vous garantit que ces tiers ont acc\u00e8s uniquement \u00e0 vos donn\u00e9es dans la mesure o\u00f9 cela s\u2019av\u00e8re n\u00e9cessaire pour ex\u00e9cuter leurs t\u00e2ches. Le chiffrement ou l\u2019anonymisation de vos donn\u00e9es sera r\u00e9alis\u00e9 si n\u00e9cessaire.<\/p><p>L\u2019ERIP garantit \u00e9galement qu\u2019ils sont li\u00e9s par une obligation de confidentialit\u00e9 et qu\u2019ils ne peuvent traiter les donn\u00e9es que conform\u00e9ment aux instructions donn\u00e9es.<\/p><p><strong>V. <\/strong><strong>Transfert de vos donn\u00e9es vers l\u2019\u00e9tranger<\/strong><\/p><p>L\u2019ERIP vous garantit qu\u2019aucune de vos donn\u00e9es ne sort de l\u2019Union europ\u00e9enne.<\/p><p><strong>VI. <\/strong><strong>Vos droits<\/strong><\/p><p>Nous voulons \u00eatre transparents tant sur la mani\u00e8re dont nous traitons vos donn\u00e9es, qu\u2019au sujet des droits que vous avez sur vos donn\u00e9es et comment vous pouvez les exercer.<\/p><p>Seules les personnes disposant d\u2019un acc\u00e8s intranet ont des donn\u00e9es \u00e0 caract\u00e8re personnel trait\u00e9 par l\u2019ERIP et sont donc concern\u00e9es par ce Chapitre VIII.<\/p><p>Nous nous engageons \u00e0 vous r\u00e9pondre sans d\u00e9lai et au plus tard dans le mois de la r\u00e9ception de votre demande concernant les droits d\u00e9crits ci-dessous. Nous estimons le moment de la r\u00e9ception lorsque votre demande est compl\u00e8te, ce qui inclut la r\u00e9ception d\u2019une preuve de votre identit\u00e9 ou d\u2019une certitude de notre part concernant votre identit\u00e9. Lorsque votre demande est complexe ou que vous nous faites de nombreuses demandes, cette p\u00e9riode d\u2019un mois peut \u00e9ventuellement \u00eatre prolong\u00e9e de 2 mois. Nous vous informerons le plus rapidement possible d\u2019une telle prolongation.<\/p><p><strong>a)\u00a0 <\/strong><strong>Droit d\u2019acc\u00e8s \u00e0 vos donn\u00e9es\u00a0 <\/strong><\/p><p>Vous avez tout d\u2019abord un droit d\u2019acc\u00e8s aux donn\u00e9es que nous avons vous concernant.<\/p><p>La l\u00e9gislation pr\u00e9voit que vous avez \u00e9galement le droit de recevoir de l\u2019information concernant les finalit\u00e9s pour lesquelles nous traitons vos donn\u00e9es, les cat\u00e9gories de donn\u00e9es que nous traitons, les cat\u00e9gories de destinataires des donn\u00e9es, et, lorsque cela est possible, la p\u00e9riode pendant laquelle nous conservons vos donn\u00e9es (si ce n\u2019est pas possible, le crit\u00e8re utilis\u00e9 pour d\u00e9finir la dur\u00e9e de conservation), l\u2019existence de droits de rectification, d\u2019effacement des donn\u00e9es, de limitation du traitement, le droit de s\u2019opposer au traitement, le droit d\u2019introduire une r\u00e9clamation aupr\u00e8s d\u2019une autorit\u00e9 de contr\u00f4le (l\u2019autorit\u00e9 belge de protection des donn\u00e9es, par exemple), la source des donn\u00e9es lorsqu\u2019elles ne sont pas collect\u00e9es aupr\u00e8s de la personne concern\u00e9e, l&#8217;existence d&#8217;une prise de d\u00e9cision automatis\u00e9e, y compris un profilage, et les garanties pr\u00e9vues lorsque les donn\u00e9es \u00e0 caract\u00e8re personnel sont transf\u00e9r\u00e9es vers un pays tiers.<\/p><p>Vous trouverez ces informations dans cette D\u00e9claration.<\/p><p>Pour exercer votre droit d\u2019acc\u00e8s et recevoir une copie de l\u2019information que nous avons vous concernant, vous pouvez prendre contact avec notre D\u00e9l\u00e9gu\u00e9 \u00e0 la protection des donn\u00e9es joignable \u00e0 l\u2019adresse <strong>dpo@brusafe.brussels<\/strong> qui pourra vous demander une v\u00e9rification de votre identit\u00e9 pour \u00e9viter que vos donn\u00e9es soient transmises \u00e0 des tiers. Vous trouverez ci-dessous une proc\u00e9dure \u00e0 suivre pour prouver votre identit\u00e9<\/p><p>Comment puis-je prouver mon identit\u00e9 ?<\/p><p>Vous pouvez prouver votre identit\u00e9 par tout moyen, par exemple par l\u2019envoi d\u2019une copie de votre permis de conduire ou de votre passeport. Vous pouvez \u00e9galement nous envoyer une copie du verso de votre carte d\u2019identit\u00e9. Parce que les mails ne sont pas un moyen s\u00e9curis\u00e9 de transmission, nous vous conseillons cependant de cacher le num\u00e9ro de votre carte d\u2019identit\u00e9 ainsi que votre photo et de bien mentionner que cette copie est \u00e0 destination exclusive de l\u2019ERIP.<\/p><p>L\u2019ERIP d\u00e9truira ces copies apr\u00e8s utilisation.<\/p><p><strong>b) <\/strong><strong>Droit de rectification, de limitation et d\u2019effacement de vos donn\u00e9es <\/strong><\/p><p>Vous avez \u00e0 tout moment le droit de (faire) corriger vos donn\u00e9es lorsque celles-ci sont erron\u00e9es.<\/p><p>Pour exercer votre droit d\u2019acc\u00e8s et recevoir une copie de l\u2019information que nous avons vous concernant, vous pouvez prendre contact avec notre D\u00e9l\u00e9gu\u00e9 \u00e0 la protection des donn\u00e9es joignable \u00e0 l\u2019adresse <strong>dpo@brusafe.brussels<\/strong> qui pourra vous demander une v\u00e9rification de votre identit\u00e9 pour \u00e9viter que vos donn\u00e9es soient transmises \u00e0 des tiers. Vous trouverez ci-dessous une proc\u00e9dure \u00e0 suivre pour prouver votre identit\u00e9.<\/p><p>Vous avez le droit de demander la limitation du traitement de vos donn\u00e9es. Il s\u2019agit de demander d\u2019arr\u00eater de traiter vos donn\u00e9es, sans toutefois les effacer.<\/p><p>Ce droit ne peut \u00eatre utilis\u00e9 que dans des cas pr\u00e9vus par la loi, par exemple, pendant la p\u00e9riode n\u00e9cessaire \u00e0 l\u2019ERIP pour v\u00e9rifier l\u2019exactitude d\u2019une donn\u00e9e que vous contestez, pendant la v\u00e9rification que l\u2019int\u00e9r\u00eat l\u00e9gitime de l\u2019ERIP pr\u00e9vaut sur le v\u00f4tre.<\/p><p>Vous avez le droit de demander l\u2019effacement de vos donn\u00e9es dans les cas suivants :<\/p><ul><li>Vos donn\u00e9es \u00e0 caract\u00e8re personnel ne sont plus n\u00e9cessaires au regard des finalit\u00e9s pour lesquelles elles ont \u00e9t\u00e9 collect\u00e9es ou trait\u00e9es;<\/li><li>Vous avez retir\u00e9 le consentement sur lequel est fond\u00e9 le traitement, et il n&#8217;existe pas d&#8217;autre fondement juridique au traitement;<\/li><li>Vous vous opposez au traitement et il n&#8217;existe pas de motif l\u00e9gitime imp\u00e9rieux pour le traitement;<\/li><li>Vos donn\u00e9es ont fait l&#8217;objet d&#8217;un traitement illicite;<\/li><li>Vos donn\u00e9es doivent \u00eatre effac\u00e9es pour respecter une obligation l\u00e9gale.<\/li><\/ul><p>Pour exercer ce droit, vous pouvez prendre contact avec notre D\u00e9l\u00e9gu\u00e9 \u00e0 la protection des donn\u00e9es joignable \u00e0 l\u2019adresse <strong>dpo@brusafe.brussels<\/strong> <span id=\"ep_0b6c51be\" class=\"cloaked_email\"><\/span>qui pourra vous demander une v\u00e9rification de votre identit\u00e9 pour \u00e9viter que vos donn\u00e9es soient transmises \u00e0 des tiers. Nous vous renvoyons \u00e0 notre proc\u00e9dure \u00e0 suivre pour prouver votre identit\u00e9.<\/p><p><strong>c) <\/strong><strong>Droit de s\u2019opposer \u00e0 l\u2019utilisation des donn\u00e9es <\/strong><\/p><p>Vous avez le droit de vous opposer \u00e0 tout moment, pour des raisons tenant \u00e0 votre situation particuli\u00e8re, \u00e0 l\u2019utilisation de vos donn\u00e9es, y compris le profilage, lorsque nous les utilisons pour notre int\u00e9r\u00eat l\u00e9gitime. Nous cesserons alors le traitement de vos donn\u00e9es \u00e0 moins que nous puissions d\u00e9montrer qu&#8217;il existe des motifs l\u00e9gitimes et imp\u00e9rieux pour le traitement qui pr\u00e9valent sur vos int\u00e9r\u00eats, droits et libert\u00e9s ou lorsque ces donn\u00e9es sont n\u00e9cessaires pour la constatation, l&#8217;exercice ou la d\u00e9fense de droits en justice.<\/p><p>Pour exercer ce droit, vous pouvez prendre contact avec notre D\u00e9l\u00e9gu\u00e9 \u00e0 la protection des donn\u00e9es joignable \u00e0 l\u2019adresse <strong>dpo@brusafe.brussels<\/strong> <span id=\"ep_c9fde0f3\" class=\"cloaked_email\"><\/span>qui pourra vous demander une v\u00e9rification de votre identit\u00e9 pour \u00e9viter que vos donn\u00e9es soient transmises \u00e0 des tiers. Nous vous renvoyons \u00e0 notre proc\u00e9dure \u00e0 suivre pour prouver votre identit\u00e9.<em>\u00a0<\/em><\/p><p><strong>d) <\/strong><strong>Droit d\u2019introduire une r\u00e9clamation aupr\u00e8s d\u2019une autorit\u00e9 de contr\u00f4le<\/strong><\/p><p>Vous avez le droit d\u2019introduire une r\u00e9clamation aupr\u00e8s de l\u2019autorit\u00e9 de contr\u00f4le comp\u00e9tente, soit l\u2019Autorit\u00e9 belge de protection des donn\u00e9es. Vous trouverez ses donn\u00e9es de contact sur <strong><a href=\"https:\/\/www.autoriteprotectiondonnees.be\/citoyen\/agir\/contact\" target=\"_blank\" rel=\"noopener\">https:\/\/www.autoriteprotectiondonnees.be<\/a><\/strong><\/p><p><strong>VII. <\/strong><strong>Dur\u00e9e de conservation de vos donn\u00e9es<\/strong><\/p><p>L\u2019ERIP ne conserve pas vos donn\u00e9es \u00e0 caract\u00e8re personnel plus longtemps qu\u2019il n\u2019est n\u00e9cessaire pour les finalit\u00e9s pour lesquelles elles ont \u00e9t\u00e9 conserv\u00e9es.<\/p><p>Nous utilisons la finalit\u00e9 comme un des crit\u00e8res principaux pour d\u00e9finir la p\u00e9riode pendant laquelle les donn\u00e9es doivent \u00eatre conserv\u00e9es mais \u00e9galement nos obligations l\u00e9gales ou la p\u00e9riode pendant laquelle nous avons une relation avec vous.<\/p><p>Vous trouverez dans le chapitre 3 plus d\u2019information sur les dur\u00e9es de conservation et ce, par traitement de donn\u00e9es.<\/p><p>A la fin de la p\u00e9riode de r\u00e9tention d\u00e9finie, nous nous engageons \u00e0 effacer, d\u00e9truire ou anonymiser les donn\u00e9es de mani\u00e8re s\u00e9curis\u00e9e.<\/p><p><strong>VIII.\u00a0 <\/strong><strong>S\u00e9curisation de vos donn\u00e9es<\/strong><\/p><p>L\u2019ERIP fait en sorte que vos donn\u00e9es \u00e0 caract\u00e8re personnel soient prot\u00e9g\u00e9es par les mesures de s\u00e9curit\u00e9 techniques et organisationnelles ad\u00e9quates contre toute perte, destruction, alt\u00e9ration, utilisation, divulgation ou acc\u00e8s non autoris\u00e9, de mani\u00e8re accidentelle ou illicite.<\/p><p>Vos donn\u00e9es sont prot\u00e9g\u00e9es, entre autres, par les mesures de s\u00e9curit\u00e9 techniques suivantes :<\/p><ul><li>Contr\u00f4les d\u2019acc\u00e8s<\/li><li>Chiffrement<\/li><li>Anti-virus<\/li><li>Log des donn\u00e9es et acc\u00e8s<\/li><li>Back-ups\u00a0<\/li><li>Disaster recovery plan<\/li><li>Business continuity management.<\/li><\/ul><p>Vos donn\u00e9es sont prot\u00e9g\u00e9es, entre autres, par les mesures de s\u00e9curit\u00e9 organisationnelles suivantes :<\/p><ul><li>Contr\u00f4les d\u2019acc\u00e8s physiques\u00a0<\/li><li>Proc\u00e9dures et politiques de s\u00e9curit\u00e9\u00a0<\/li><li>Clauses ou contrats de confidentialit\u00e9 avec nos employ\u00e9s, consultants, fournisseurs de services<\/li><\/ul><p><strong>IX. <\/strong><strong>Lien vers d\u2019autres sites<\/strong><\/p><p>Le site internet de l\u2019ERIP peut contenir des liens vers des sites web qui sont g\u00e9r\u00e9s par des entreprises autres que l\u2019ERIP, tel que <strong><a href=\"https:\/\/www.police.be\/fr\" target=\"_blank\" rel=\"noopener\">https:\/\/www.police.be<\/a><\/strong> ou <strong><a href=\"https:\/\/www.jobpol.be\/fr\" target=\"_blank\" rel=\"noopener\">https:\/\/www.jobpol.be<\/a><\/strong><\/p><p>Ces sites devraient avoir leur propre d\u00e9claration vie priv\u00e9e.<\/p><p>Nous insistons sur la n\u00e9cessit\u00e9 de lire ces d\u00e9clarations attentivement lorsque vous surfez sur ces sites.<\/p><p>L\u2019ERIP ne peut en aucun cas \u00eatre responsable du contenu de ces sites ou de la mani\u00e8re dont les donn\u00e9es \u00e0 caract\u00e8re personnel sont trait\u00e9es par ces tiers.<\/p><p><strong>X. <\/strong><strong>Modification de la pr\u00e9sente d\u00e9claration<\/strong><\/p><p>Cette D\u00e9claration vie priv\u00e9e peut \u00eatre modifi\u00e9e p\u00e9riodiquement pour refl\u00e9ter au mieux la politique de protection des donn\u00e9es \u00e0 caract\u00e8re personnel de l\u2019ERIP. Nous ne vous en informons pas n\u00e9cessairement au pr\u00e9alable. D\u2019\u00e9ventuelles adaptations seront n\u00e9anmoins mises en lumi\u00e8re sur le site web de l\u2019ERIP. Vous trouverez la date de derni\u00e8re modification en haut du texte.<\/p><p><strong>XI. <\/strong><strong>Contactez-nous<\/strong><\/p><p>Vous pouvez contacter le d\u00e9l\u00e9gu\u00e9 \u00e0 la protection des donn\u00e9es via l\u2019adresse <strong>dpo@brusafe.brussels<\/strong><a>\u00a0 \u00a0<\/a><\/p><p>Vous pouvez \u00e9galement envoyer un courrier \u00e0 l\u2019adresse suivante : 1130 Haren, rue du Planeur 10.<\/p><p>Nous vous aiderons avec plaisir.<\/p><h2><strong>Conditions g\u00e9n\u00e9rales<\/strong><\/h2><div><strong>\u00a0<\/strong><\/div><p><strong>1. <\/strong><strong>CONDITIONS D&#8217;UTILISATION<\/strong><\/p><p>Ce site Internet est propos\u00e9 sous r\u00e9serve de votre acceptation inconditionnelle des conditions d&#8217;utilisation reprises ci-dessous.<\/p><p>La consultation ou l\u2019utilisation du site web de l\u2019Ecole r\u00e9gionale et intercommunale de Police (ERIP) implique automatiquement votre acceptation pleine et enti\u00e8re des pr\u00e9sentes conditions d\u2019utilisation.<\/p><p><strong>2. <\/strong><strong>PROPRIETE INTELLECTUELLE<\/strong><\/p><p>Le nom et le logo de l\u2019ERIP, quelle que soit la mani\u00e8re dont ceux-ci sont utilis\u00e9s, constituent des noms et marques prot\u00e9g\u00e9s par des enregistrements nationaux.<\/p><p>Ce site internet est la propri\u00e9t\u00e9 l\u00e9gale de l\u2019ERIP. En cas de souhait d&#8217;utilisation d&#8217;une partie du contenu du site (sauf pour un usage personnel), notamment par l&#8217;usage d&#8217;hyperliens, d&#8217;images, de dessins, de photos et de textes, veuillez prendre contact au pr\u00e9alable avec l\u2019ERIP.<strong>\u00a0<\/strong><\/p><p><strong>3. <\/strong><strong>PROTECTION DE LA VIE PRIVEE ET DES DONNEES A CARACTERE PERSONNEL<\/strong><\/p><p>L\u2019ERIP se conforme \u00e0 la loi du 30 juillet 2018 relative \u00e0 la protection des personnes physiques \u00e0 l\u2019\u00e9gard des traitements de donn\u00e9es \u00e0 caract\u00e8re personnel.<\/p><p>Pour plus d\u2019information \u00e0 ce sujet, ainsi que pour des informations concernant l\u2019utilisation des cookies, il est renvoy\u00e9 \u00e0 la D\u00e9claration de protection de la vie priv\u00e9e et des donn\u00e9es \u00e0 caract\u00e8re personnel, telle qu\u2019elle est reprise sur le site web.<\/p><p><strong>4. <\/strong><strong>UTILISATION EXCLUSIVEMENT PRIV\u00c9E<\/strong><\/p><p>L&#8217;utilisation de ce site Internet est exclusivement destin\u00e9e aux fins priv\u00e9es et non commerciales. Vous n&#8217;\u00eates pas habilit\u00e9(e) \u00e0 modifier, copier, partager, transmettre, diffuser, reproposer, reproduire, publier, c\u00e9der sous licence, transf\u00e9rer ou vendre quelque information, logiciel, produit ou service que ce soit, issu(e) de ce site Internet, ni \u00e0 cr\u00e9er des \u0153uvres d\u00e9riv\u00e9es des \u00e9l\u00e9ments pr\u00e9cit\u00e9s.<\/p><p><strong>5. <\/strong><strong>UTILISATION ILLICITE OU INTERDITE<\/strong><\/p><p>Vous n&#8217;\u00eates autoris\u00e9(e) \u00e0 utiliser le site de L\u2019ERIP qu&#8217;\u00e0 condition de garantir que vous ne l&#8217;utiliserez pas \u00e0 des fins illicites ou \u00e0 des fins interdites en vertu des lois en vigueur dans l&#8217;Union Europ\u00e9enne et des conditions reprises dans ce document.<\/p><p><strong>6. <\/strong><strong>LIMITATION DE LA RESPONSABILIT\u00c9<\/strong><\/p><p>Les informations et services contenus sur ce site Internet peuvent comporter des inexactitudes ou des fautes de frappe sur les plans techniques et du contenu. Ces donn\u00e9es font r\u00e9guli\u00e8rement l&#8217;objet de modifications. L\u2019ERIP peut, quel que soit le moment, apporter des am\u00e9liorations et\/ou des modifications \u00e0 ce site web. Ne prenez pas la moindre d\u00e9cision sur base des recommandations formul\u00e9es sur ce site Internet. L&#8217;information propos\u00e9e sur le site l&#8217;est \u00e0 titre de confort. Seuls les documents imprim\u00e9s par L\u2019ERIP (disponibles sur demande ou en t\u00e9l\u00e9chargement) font foi.<\/p><p>Le contenu de ce site Internet est pr\u00e9sent\u00e9 uniquement \u00e0 titre d\u2019information. Ce site contient des liens vers d\u2019autres sites Internet. L\u2019ERIP n\u2019est pas responsable de la gestion et du contenu de ces sites Internet.<\/p><p><strong>7. <\/strong><strong>DROITS D&#8217;AUTEUR ET DES MARQUES<\/strong><\/p><p>Tous les droits sur les informations reprises dans le site web de l\u2019ERIP sont r\u00e9serv\u00e9s et l&#8217;utilisateur est tenu de respecter les droits d&#8217;auteur et des marques.<\/p><p><strong>8. <\/strong><strong>DROIT A L\u2019IMAGE<\/strong><\/p><p>L\u2019ERIP entend respecter scrupuleusement le droit \u00e0 l&#8217;image de chacune et chacun.<\/p><p>Les personnes repr\u00e9sent\u00e9es et identifiables sur le pr\u00e9sent site ont donn\u00e9 l&#8217;autorisation de publier leur image sur ce support. Toute reproduction ou autre utilisation de l&#8217;image d&#8217;une personne repr\u00e9sent\u00e9e sur ce site est interdite.<\/p><p>Si une personne se reconna\u00eet sur une photo reproduite sur ce site internet et refuse la publication de cette photo, il lui suffit d&#8217;en faire la demande explicite et argument\u00e9e, par message \u00e9lectronique \u00e0 l\u2019ERIP, en sp\u00e9cifiant la page et l&#8217;appellation de la photo concern\u00e9e, \u00e0 l\u2019adresse suivante : <strong>info@eripgip.be<\/strong><span id=\"ep_a0e3ceda\" class=\"cloaked_email\"><\/span><\/p><p><strong>9. <\/strong><strong>MODIFICATION DES PR\u00c9SENTES CONDITIONS ET DISPOSITIONS<\/strong><\/p><p>Les pr\u00e9sentes conditions sont applicables \u00e0 partir du 1<sup>er<\/sup> octobre 2018 et peuvent \u00eatre modifi\u00e9es sans pr\u00e9avis. Les pr\u00e9sentes conditions d&#8217;utilisation g\u00e9n\u00e9rales sont r\u00e9gies par la loi belge.<\/p><p><strong>10. <\/strong><strong>Droit applicable<\/strong><\/p><p>Tout litige d\u00e9coulant de ou en lien avec l\u2019utilisation du site web ou l\u2019acceptation, l\u2019interpr\u00e9tation ou le respect de ces conditions d\u2019utilisation rel\u00e8ve de la comp\u00e9tence exclusive des tribunaux comp\u00e9tents de Bruxelles, qui appliqueront le droit belge. En proc\u00e9dant \u00e0 la consultation de ce site, vous reconnaissez la comp\u00e9tence des cours et tribunaux de Bruxelles.<\/p>\t\t\t\t\t\t<\/div>\n\t\t\t\t<\/div>\n\t\t\t\t\t<\/div>\n\t\t<\/div>\n\t\t\t\t\t\t\t<\/div>\n\t\t<\/section>\n\t\t\t\t\t\t<\/div>\n\t\t\t\t\t<\/div>\n\t\t","protected":false},"excerpt":{"rendered":"<p>D\u00e9claration de protection de la vie priv\u00e9e et des donn\u00e9es \u00e0 caract\u00e8re personnel \u00a0 L\u2019Ecole r\u00e9gionale et intercommunale de police (ci-apr\u00e8s \u00ab\u00a0l\u2019ERIP\u00a0\u00bb) prend tr\u00e8s au s\u00e9rieux la protection de votre vie priv\u00e9e et de vos droits sur vos donn\u00e9es \u00e0&#8230; <a href=\"https:\/\/www.eripgip.be\/NewWeb21\/?page_id=218\" class=\"readmore\">Read more<span class=\"screen-reader-text\">Mentions l\u00e9gales<\/span><span class=\"fa fa-angle-double-right\" aria-hidden=\"true\"><\/span><\/a><\/p>\n","protected":false},"author":1,"featured_media":0,"parent":0,"menu_order":0,"comment_status":"closed","ping_status":"closed","template":"","meta":{"footnotes":""},"class_list":["post-218","page","type-page","status-publish","hentry"],"_links":{"self":[{"href":"https:\/\/www.eripgip.be\/NewWeb21\/index.php?rest_route=\/wp\/v2\/pages\/218","targetHints":{"allow":["GET"]}}],"collection":[{"href":"https:\/\/www.eripgip.be\/NewWeb21\/index.php?rest_route=\/wp\/v2\/pages"}],"about":[{"href":"https:\/\/www.eripgip.be\/NewWeb21\/index.php?rest_route=\/wp\/v2\/types\/page"}],"author":[{"embeddable":true,"href":"https:\/\/www.eripgip.be\/NewWeb21\/index.php?rest_route=\/wp\/v2\/users\/1"}],"replies":[{"embeddable":true,"href":"https:\/\/www.eripgip.be\/NewWeb21\/index.php?rest_route=%2Fwp%2Fv2%2Fcomments&post=218"}],"version-history":[{"count":19,"href":"https:\/\/www.eripgip.be\/NewWeb21\/index.php?rest_route=\/wp\/v2\/pages\/218\/revisions"}],"predecessor-version":[{"id":992,"href":"https:\/\/www.eripgip.be\/NewWeb21\/index.php?rest_route=\/wp\/v2\/pages\/218\/revisions\/992"}],"wp:attachment":[{"href":"https:\/\/www.eripgip.be\/NewWeb21\/index.php?rest_route=%2Fwp%2Fv2%2Fmedia&parent=218"}],"curies":[{"name":"wp","href":"https:\/\/api.w.org\/{rel}","templated":true}]}}