{"id":161,"date":"2021-03-14T13:01:19","date_gmt":"2021-03-14T13:01:19","guid":{"rendered":"http:\/\/www.eripgip.be\/NewWeb21\/?page_id=161"},"modified":"2021-04-20T12:41:02","modified_gmt":"2021-04-20T12:41:02","slug":"faq-2","status":"publish","type":"page","link":"https:\/\/www.eripgip.be\/NewWeb21\/?page_id=161","title":{"rendered":"FAQ"},"content":{"rendered":"\t\t<div data-elementor-type=\"wp-page\" data-elementor-id=\"161\" class=\"elementor elementor-161\" data-elementor-settings=\"[]\">\n\t\t\t\t\t\t\t<div class=\"elementor-section-wrap\">\n\t\t\t\t\t\t\t<section class=\"elementor-section elementor-top-section elementor-element elementor-element-b85b091 elementor-section-boxed elementor-section-height-default elementor-section-height-default\" data-id=\"b85b091\" data-element_type=\"section\">\n\t\t\t\t\t\t<div class=\"elementor-container elementor-column-gap-default\">\n\t\t\t\t\t<div class=\"elementor-column elementor-col-100 elementor-top-column elementor-element elementor-element-0a368ce\" data-id=\"0a368ce\" data-element_type=\"column\">\n\t\t\t<div class=\"elementor-widget-wrap elementor-element-populated\">\n\t\t\t\t\t\t\t\t<div class=\"elementor-element elementor-element-0658976 elementor-widget elementor-widget-toggle\" data-id=\"0658976\" data-element_type=\"widget\" data-widget_type=\"toggle.default\">\n\t\t\t\t<div class=\"elementor-widget-container\">\n\t\t\t\t\t<div class=\"elementor-toggle\" role=\"tablist\">\n\t\t\t\t\t\t\t<div class=\"elementor-toggle-item\">\n\t\t\t\t\t<div id=\"elementor-tab-title-6651\" class=\"elementor-tab-title\" data-tab=\"1\" role=\"tab\" aria-controls=\"elementor-tab-content-6651\" aria-expanded=\"false\">\n\t\t\t\t\t\t\t\t\t\t\t\t<span class=\"elementor-toggle-icon elementor-toggle-icon-left\" aria-hidden=\"true\">\n\t\t\t\t\t\t\t\t\t\t\t\t\t\t\t<span class=\"elementor-toggle-icon-closed\"><i class=\"fas fa-caret-right\"><\/i><\/span>\n\t\t\t\t\t\t\t\t<span class=\"elementor-toggle-icon-opened\"><i class=\"elementor-toggle-icon-opened fas fa-caret-up\"><\/i><\/span>\n\t\t\t\t\t\t\t\t\t\t\t\t\t<\/span>\n\t\t\t\t\t\t\t\t\t\t\t\t<a href=\"\" class=\"elementor-toggle-title\">Quel est mon statut quand je commence ma formation de base?<\/a>\n\t\t\t\t\t<\/div>\n\t\t\t\t\t<div id=\"elementor-tab-content-6651\" class=\"elementor-tab-content elementor-clearfix\" data-tab=\"1\" role=\"tabpanel\" aria-labelledby=\"elementor-tab-title-6651\"><p>D\u00e8s votre engagement pour la fonction d\u2019agent ou d\u2019inspecteur de police, vous poss\u00e9dez le statut d\u2019aspirant, vous b\u00e9n\u00e9ficiez d\u00e8s lors des dispositions statutaires des membres du personnel de la police int\u00e9gr\u00e9e, entre autres:<\/p><ul><li>vous percevez un traitement;<\/li><li>vous b\u00e9n\u00e9ficiez de la gratuit\u00e9 des soins de sant\u00e9;<\/li><li>vous recevez un premier \u00e9quipement;<\/li><li>vous b\u00e9n\u00e9ficiez de la gratuit\u00e9 des transports en commun.<\/li><\/ul><\/div>\n\t\t\t\t<\/div>\n\t\t\t\t\t\t\t<div class=\"elementor-toggle-item\">\n\t\t\t\t\t<div id=\"elementor-tab-title-6652\" class=\"elementor-tab-title\" data-tab=\"2\" role=\"tab\" aria-controls=\"elementor-tab-content-6652\" aria-expanded=\"false\">\n\t\t\t\t\t\t\t\t\t\t\t\t<span class=\"elementor-toggle-icon elementor-toggle-icon-left\" aria-hidden=\"true\">\n\t\t\t\t\t\t\t\t\t\t\t\t\t\t\t<span class=\"elementor-toggle-icon-closed\"><i class=\"fas fa-caret-right\"><\/i><\/span>\n\t\t\t\t\t\t\t\t<span class=\"elementor-toggle-icon-opened\"><i class=\"elementor-toggle-icon-opened fas fa-caret-up\"><\/i><\/span>\n\t\t\t\t\t\t\t\t\t\t\t\t\t<\/span>\n\t\t\t\t\t\t\t\t\t\t\t\t<a href=\"\" class=\"elementor-toggle-title\">Comment se d\u00e9roule ma formation de base?<\/a>\n\t\t\t\t\t<\/div>\n\t\t\t\t\t<div id=\"elementor-tab-content-6652\" class=\"elementor-tab-content elementor-clearfix\" data-tab=\"2\" role=\"tabpanel\" aria-labelledby=\"elementor-tab-title-6652\"><p>Les cours se donnent \u00e0 l\u2019ERIP, du lundi au vendredi, de 8h25 \u00e0 11h40 et de 12h45 \u00e0 16h00.<\/p><\/div>\n\t\t\t\t<\/div>\n\t\t\t\t\t\t\t<div class=\"elementor-toggle-item\">\n\t\t\t\t\t<div id=\"elementor-tab-title-6653\" class=\"elementor-tab-title\" data-tab=\"3\" role=\"tab\" aria-controls=\"elementor-tab-content-6653\" aria-expanded=\"false\">\n\t\t\t\t\t\t\t\t\t\t\t\t<span class=\"elementor-toggle-icon elementor-toggle-icon-left\" aria-hidden=\"true\">\n\t\t\t\t\t\t\t\t\t\t\t\t\t\t\t<span class=\"elementor-toggle-icon-closed\"><i class=\"fas fa-caret-right\"><\/i><\/span>\n\t\t\t\t\t\t\t\t<span class=\"elementor-toggle-icon-opened\"><i class=\"elementor-toggle-icon-opened fas fa-caret-up\"><\/i><\/span>\n\t\t\t\t\t\t\t\t\t\t\t\t\t<\/span>\n\t\t\t\t\t\t\t\t\t\t\t\t<a href=\"\" class=\"elementor-toggle-title\">Puis-je b\u00e9n\u00e9ficier de cong\u00e9s en cours de formation?<\/a>\n\t\t\t\t\t<\/div>\n\t\t\t\t\t<div id=\"elementor-tab-content-6653\" class=\"elementor-tab-content elementor-clearfix\" data-tab=\"3\" role=\"tabpanel\" aria-labelledby=\"elementor-tab-title-6653\"><p>Oui, les cours sont suspendus les jours f\u00e9ri\u00e9s et les jours de cong\u00e9 r\u00e9glementaires (15 jours par an), de plus vous b\u00e9n\u00e9ficiez d\u2019un capital de cong\u00e9 de 10 jours si vous \u00eates aspirant agent et de 24 jours si vous \u00eates aspirant inspecteur. L\u2019\u00e9cole d\u00e9termine d\u2019office des p\u00e9riodes de cong\u00e9 (P\u00e2ques \u2013 \u00e9t\u00e9 \u2013 No\u00ebl), le solde peut \u00eatre pris \u00e0 votre convenance avec accord de l\u2019\u00e9cole.<\/p><\/div>\n\t\t\t\t<\/div>\n\t\t\t\t\t\t\t<div class=\"elementor-toggle-item\">\n\t\t\t\t\t<div id=\"elementor-tab-title-6654\" class=\"elementor-tab-title\" data-tab=\"4\" role=\"tab\" aria-controls=\"elementor-tab-content-6654\" aria-expanded=\"false\">\n\t\t\t\t\t\t\t\t\t\t\t\t<span class=\"elementor-toggle-icon elementor-toggle-icon-left\" aria-hidden=\"true\">\n\t\t\t\t\t\t\t\t\t\t\t\t\t\t\t<span class=\"elementor-toggle-icon-closed\"><i class=\"fas fa-caret-right\"><\/i><\/span>\n\t\t\t\t\t\t\t\t<span class=\"elementor-toggle-icon-opened\"><i class=\"elementor-toggle-icon-opened fas fa-caret-up\"><\/i><\/span>\n\t\t\t\t\t\t\t\t\t\t\t\t\t<\/span>\n\t\t\t\t\t\t\t\t\t\t\t\t<a href=\"\" class=\"elementor-toggle-title\">O\u00f9 puis-je me restaurer \u00e0 midi?<\/a>\n\t\t\t\t\t<\/div>\n\t\t\t\t\t<div id=\"elementor-tab-content-6654\" class=\"elementor-tab-content elementor-clearfix\" data-tab=\"4\" role=\"tabpanel\" aria-labelledby=\"elementor-tab-title-6654\"><p>L&#8217;ERIP dispose d&#8217;un r\u00e9fectoire o\u00f9 il est possible d&#8217;obtenir des boissons chaudes et froides et des sandwichs. Le r\u00e9fectoire est \u00e9quip\u00e9 de fours micro-ondes \u00e0 la disposition des \u00e9l\u00e8ves.<\/p><\/div>\n\t\t\t\t<\/div>\n\t\t\t\t\t\t\t<div class=\"elementor-toggle-item\">\n\t\t\t\t\t<div id=\"elementor-tab-title-6655\" class=\"elementor-tab-title\" data-tab=\"5\" role=\"tab\" aria-controls=\"elementor-tab-content-6655\" aria-expanded=\"false\">\n\t\t\t\t\t\t\t\t\t\t\t\t<span class=\"elementor-toggle-icon elementor-toggle-icon-left\" aria-hidden=\"true\">\n\t\t\t\t\t\t\t\t\t\t\t\t\t\t\t<span class=\"elementor-toggle-icon-closed\"><i class=\"fas fa-caret-right\"><\/i><\/span>\n\t\t\t\t\t\t\t\t<span class=\"elementor-toggle-icon-opened\"><i class=\"elementor-toggle-icon-opened fas fa-caret-up\"><\/i><\/span>\n\t\t\t\t\t\t\t\t\t\t\t\t\t<\/span>\n\t\t\t\t\t\t\t\t\t\t\t\t<a href=\"\" class=\"elementor-toggle-title\">Que me propose encore l\u2019ERIP?<\/a>\n\t\t\t\t\t<\/div>\n\t\t\t\t\t<div id=\"elementor-tab-content-6655\" class=\"elementor-tab-content elementor-clearfix\" data-tab=\"5\" role=\"tabpanel\" aria-labelledby=\"elementor-tab-title-6655\"><ul><li>une cellule p\u00e9dagogique qui peut apporter son aide aux aspirants en cas de probl\u00e8mes d\u2019\u00e9tudes;<\/li><li>des formateurs, des charg\u00e9s de cours et des moniteurs de pratique qualifi\u00e9s et d\u00e9vou\u00e9s;<\/li><li>une salle de self-d\u00e9fense avec engins de fitness;<\/li><li>une infrastructure moderne, bien \u00e9quip\u00e9e, dans un environnement agr\u00e9able;<\/li><li>quatres salles \u00e9quip\u00e9es pour les cours d\u2019informatique;<\/li><li>une biblioth\u00e8que avec acc\u00e8s Internet;<\/li><li>de nombreuses visites et activit\u00e9s extra-muros.<\/li><\/ul><\/div>\n\t\t\t\t<\/div>\n\t\t\t\t\t\t\t<div class=\"elementor-toggle-item\">\n\t\t\t\t\t<div id=\"elementor-tab-title-6656\" class=\"elementor-tab-title\" data-tab=\"6\" role=\"tab\" aria-controls=\"elementor-tab-content-6656\" aria-expanded=\"false\">\n\t\t\t\t\t\t\t\t\t\t\t\t<span class=\"elementor-toggle-icon elementor-toggle-icon-left\" aria-hidden=\"true\">\n\t\t\t\t\t\t\t\t\t\t\t\t\t\t\t<span class=\"elementor-toggle-icon-closed\"><i class=\"fas fa-caret-right\"><\/i><\/span>\n\t\t\t\t\t\t\t\t<span class=\"elementor-toggle-icon-opened\"><i class=\"elementor-toggle-icon-opened fas fa-caret-up\"><\/i><\/span>\n\t\t\t\t\t\t\t\t\t\t\t\t\t<\/span>\n\t\t\t\t\t\t\t\t\t\t\t\t<a href=\"\" class=\"elementor-toggle-title\">O\u00f9 vais-je \u00eatre affect\u00e9 apr\u00e8s ma formation?<\/a>\n\t\t\t\t\t<\/div>\n\t\t\t\t\t<div id=\"elementor-tab-content-6656\" class=\"elementor-tab-content elementor-clearfix\" data-tab=\"6\" role=\"tabpanel\" aria-labelledby=\"elementor-tab-title-6656\"><p>Apr\u00e8s la r\u00e9ussite de l\u2019examen final, l\u2019agent de police entamera son travail dans la zone de police dans laquelle il a \u00e9t\u00e9 engag\u00e9.<\/p><p>L\u2019aspirant inspecteur peut,\u00a0 avant la fin de sa formation de base, porter son choix sur un emploi dans une zone de police locale ou dans une unit\u00e9 de la\u00a0<a href=\"http:\/\/www.polfed-fedpol.be\/\" target=\"_blank\" rel=\"noopener\">police f\u00e9d\u00e9rale<\/a>. S\u2019il n\u2019obtient pas le poste choisi ou s\u2019il n\u2019effectue pas de choix, il sera affect\u00e9 \u00e0 une unit\u00e9 de la police f\u00e9d\u00e9rale.<\/p><p>Le fonctionnaire de police travaillant en r\u00e9gion bruxelloise per\u00e7oit une prime annuelle de 669,32 \u20ac bruts index\u00e9s. Cette prime augmente annuellement pendant 6 ans, pour atteindre le double de la prime initiale.<\/p><p>L\u2019agent ou l\u2019inspecteur de police qui travaille dans une zone de police en r\u00e9gion bruxelloise percevra \u00e9galement, moyennant r\u00e9ussite de l\u2019examen linguistique au SELOR, une allocation mensuelle de bilinguisme.<\/p><\/div>\n\t\t\t\t<\/div>\n\t\t\t\t\t\t\t<div class=\"elementor-toggle-item\">\n\t\t\t\t\t<div id=\"elementor-tab-title-6657\" class=\"elementor-tab-title\" data-tab=\"7\" role=\"tab\" aria-controls=\"elementor-tab-content-6657\" aria-expanded=\"false\">\n\t\t\t\t\t\t\t\t\t\t\t\t<span class=\"elementor-toggle-icon elementor-toggle-icon-left\" aria-hidden=\"true\">\n\t\t\t\t\t\t\t\t\t\t\t\t\t\t\t<span class=\"elementor-toggle-icon-closed\"><i class=\"fas fa-caret-right\"><\/i><\/span>\n\t\t\t\t\t\t\t\t<span class=\"elementor-toggle-icon-opened\"><i class=\"elementor-toggle-icon-opened fas fa-caret-up\"><\/i><\/span>\n\t\t\t\t\t\t\t\t\t\t\t\t\t<\/span>\n\t\t\t\t\t\t\t\t\t\t\t\t<a href=\"\" class=\"elementor-toggle-title\">Zones de police de la R\u00e9gion de Bruxelles-Capitale<\/a>\n\t\t\t\t\t<\/div>\n\t\t\t\t\t<div id=\"elementor-tab-content-6657\" class=\"elementor-tab-content elementor-clearfix\" data-tab=\"7\" role=\"tabpanel\" aria-labelledby=\"elementor-tab-title-6657\"><p><img loading=\"lazy\" decoding=\"async\" src=\"http:\/\/www.moose-activities.eu\/eripgip\/wp-content\/uploads\/2020\/12\/map_of_police_zone_of_brussels_with_code.gif\" alt=\"\" width=\"169\" height=\"167\" \/><\/p><p><a href=\"https:\/\/www.police.be\/5339\/fr\" target=\"_blank\" rel=\"noopener\">Zone 5339 : Bruxelles Capitale Ixelles<\/a><\/p><p dir=\"ltr\"><a href=\"https:\/\/www.police.be\/5340\/fr\" target=\"_blank\" rel=\"noopener\">Zone 5340 : Bruxelles Ouest<\/a><\/p><p dir=\"ltr\"><a href=\"https:\/\/www.police.be\/5341\/fr\" target=\"_blank\" rel=\"noopener\">Zone 5341 : Midi<\/a><\/p><p dir=\"ltr\"><a href=\"https:\/\/www.police.be\/5342\/fr\" target=\"_blank\" rel=\"noopener\">Zone 5342 : Marlow<\/a><\/p><p dir=\"ltr\"><a href=\"https:\/\/www.police.be\/5343\/fr\" target=\"_blank\" rel=\"noopener\">Zone 5343 : Montgomery<\/a><\/p><p><a href=\"https:\/\/www.police.be\/5344\/fr\" target=\"_blank\" rel=\"noopener\">Zone 5344 :\u00a0Bruno<\/a><\/p><\/div>\n\t\t\t\t<\/div>\n\t\t\t\t\t\t\t\t<\/div>\n\t\t\t\t<\/div>\n\t\t\t\t<\/div>\n\t\t\t\t\t<\/div>\n\t\t<\/div>\n\t\t\t\t\t\t\t<\/div>\n\t\t<\/section>\n\t\t\t\t\t\t<\/div>\n\t\t\t\t\t<\/div>\n\t\t","protected":false},"excerpt":{"rendered":"<p>Quel est mon statut quand je commence ma formation de base? D\u00e8s votre engagement pour la fonction d\u2019agent ou d\u2019inspecteur de police, vous poss\u00e9dez le statut d\u2019aspirant, vous b\u00e9n\u00e9ficiez d\u00e8s lors des dispositions statutaires des membres du personnel de la&#8230; <a href=\"https:\/\/www.eripgip.be\/NewWeb21\/?page_id=161\" class=\"readmore\">Read more<span class=\"screen-reader-text\">FAQ<\/span><span class=\"fa fa-angle-double-right\" aria-hidden=\"true\"><\/span><\/a><\/p>\n","protected":false},"author":1,"featured_media":0,"parent":0,"menu_order":0,"comment_status":"closed","ping_status":"closed","template":"","meta":{"footnotes":""},"class_list":["post-161","page","type-page","status-publish","hentry"],"_links":{"self":[{"href":"https:\/\/www.eripgip.be\/NewWeb21\/index.php?rest_route=\/wp\/v2\/pages\/161","targetHints":{"allow":["GET"]}}],"collection":[{"href":"https:\/\/www.eripgip.be\/NewWeb21\/index.php?rest_route=\/wp\/v2\/pages"}],"about":[{"href":"https:\/\/www.eripgip.be\/NewWeb21\/index.php?rest_route=\/wp\/v2\/types\/page"}],"author":[{"embeddable":true,"href":"https:\/\/www.eripgip.be\/NewWeb21\/index.php?rest_route=\/wp\/v2\/users\/1"}],"replies":[{"embeddable":true,"href":"https:\/\/www.eripgip.be\/NewWeb21\/index.php?rest_route=%2Fwp%2Fv2%2Fcomments&post=161"}],"version-history":[{"count":13,"href":"https:\/\/www.eripgip.be\/NewWeb21\/index.php?rest_route=\/wp\/v2\/pages\/161\/revisions"}],"predecessor-version":[{"id":878,"href":"https:\/\/www.eripgip.be\/NewWeb21\/index.php?rest_route=\/wp\/v2\/pages\/161\/revisions\/878"}],"wp:attachment":[{"href":"https:\/\/www.eripgip.be\/NewWeb21\/index.php?rest_route=%2Fwp%2Fv2%2Fmedia&parent=161"}],"curies":[{"name":"wp","href":"https:\/\/api.w.org\/{rel}","templated":true}]}}